{"id":40,"date":"2021-06-03T09:55:57","date_gmt":"2021-06-03T07:55:57","guid":{"rendered":"http:\/\/gitelejardindesalberes.fr\/?page_id=40"},"modified":"2026-09-02T11:58:06","modified_gmt":"2026-09-02T09:58:06","slug":"disponibilites-tarifs","status":"publish","type":"page","link":"https:\/\/gitelejardindesalberes.fr\/?page_id=40","title":{"rendered":"Tarifs et R\u00e9servation"},"content":{"rendered":"\n<p class=\"wp-block-paragraph\">. <\/p>\n\n\n\n<p class=\"wp-block-paragraph\"><strong>Le g\u00eete est ouvert \u00e0 l\u2019ann\u00e9e.<\/strong> <strong>La location vous est propos\u00e9e \u00e0 la semaine du samedi au samedi.<\/strong>  <\/p>\n\n\n\n<p class=\"wp-block-paragraph\"><strong>CONTACT<\/strong> &#8211; Vous pouvez me contacter par t\u00e9l\u00e9phone au <strong>06 76 25 83 36<\/strong> <strong>(Heure du repas le soir de 18h \u00e0 20h)<\/strong>,<\/p>\n\n\n\n<p class=\"wp-block-paragraph\">ou par email: <strong>arnaudpastoret@hotmail.com<\/strong><\/p>\n\n\n\n<p class=\"wp-block-paragraph\"><strong>MODALITES DE RESERVATION ET DE LOCATION<\/strong><\/p>\n\n\n\n<p class=\"wp-block-paragraph\">\u200b\u2013 Horaire d\u2019arriv\u00e9e: 16h \u2013 18h \/ Horaire de d\u00e9part: 8h \u2013 10h<\/p>\n\n\n\n<p class=\"wp-block-paragraph\">\u2013 Arrhes de r\u00e9servation: 25 %&nbsp; (r\u00e8glement par ch\u00e8que ou virement bancaire)<\/p>\n\n\n\n<p class=\"wp-block-paragraph\">\u2013 Solde restant le jour de votre arriv\u00e9e.<\/p>\n\n\n\n<p class=\"wp-block-paragraph\">\u2013 Caution: d\u00e9p\u00f4t de 200 euros le jour de votre arriv\u00e9e<\/p>\n\n\n\n<p class=\"wp-block-paragraph\">\u2013 taxe de s\u00e9jour de 2.45 euros \/ jour \/ personne de plus de 18 ans<\/p>\n\n\n\n<p class=\"wp-block-paragraph\">\u2013 Ch\u00e8ques vacances non accept\u00e9s<\/p>\n\n\n\n<p class=\"wp-block-paragraph\">\u2013 Animal de compagnie possible limit\u00e9 \u00e0 2 (demander confirmation au pr\u00e9alable): pas de frais suppl\u00e9mentaires<\/p>\n\n\n\n<p class=\"wp-block-paragraph\">CAPACITE D\u2019ACCUEIL : 3 PERSONNES&nbsp;MAXIMUM<\/p>\n\n\n\n<p class=\"wp-block-paragraph\">\u200b<strong>SERVICES COMPLEMENTAIRES PROPOSES<\/strong><\/p>\n\n\n\n<p class=\"wp-block-paragraph\">\u200bSUR DEMANDE, ET A CONVENIR AVANT VOTRE ARRIV\u00c9E, VOUS SONT \u00c9GALEMENT PROPOS\u00c9S :<\/p>\n\n\n\n<p class=\"wp-block-paragraph\">\u2013 la location de draps (1 drap housse, 1 drap, taies d\u2019oreiller) : 14 \u20ac par lit, \u00e0 chaque renouvellement,<\/p>\n\n\n\n<p class=\"wp-block-paragraph\">\u2013 la location de linge de toilette (1 draps de bain, 1 serviette, 1 gant): 7 \u20ac \/ personne, \u00e0 chaque renouvellement,<\/p>\n\n\n\n<p class=\"wp-block-paragraph\">\u2013 la location de linge de cuisine : 1 torchon + 1 essuie-mains  : 2 \u20ac, \u00e0 chaque renouvellement<\/p>\n\n\n\n<p class=\"wp-block-paragraph\">\u2013 la fourniture des produits de maison (liquide vaisselle, nettoyant m\u00e9nager, nettoyant pour sol, lessive, 1 \u00e9ponge, 2 sacs poubelle, 1 essuie-tout, papier wc) : 7 euros par semaine.<\/p>\n\n\n\n<p class=\"wp-block-paragraph\">\u2013 un lit b\u00e9b\u00e9 type parapluie ainsi qu\u2019une chaise b\u00e9b\u00e9 vous sont propos\u00e9s gratuitement sur demande. Draps b\u00e9b\u00e9 non propos\u00e9s.<\/p>\n\n\n\n<p class=\"wp-block-paragraph\">\u2013 Forfait m\u00e9nage en fin de s\u00e9jour si souhait\u00e9 : 50 euros<\/p>\n\n\n\n<p class=\"wp-block-paragraph\" style=\"font-size:30px\">  .<\/p>\n\n\n\n<p class=\"wp-block-paragraph\" style=\"font-size:30px\"><strong>DISPONIBILITES ET TARIFS 2026<\/strong><\/p>\n\n\n\n<figure class=\"wp-block-table aligncenter is-style-regular\"><table><tbody><tr><td class=\"has-text-align-center\" data-align=\"center\">08 au 15 aout<\/td><td class=\"has-text-align-center\" data-align=\"center\">NON DISPONIBLE<\/td><\/tr><tr><td class=\"has-text-align-center\" data-align=\"center\">15 au 22 aout<\/td><td class=\"has-text-align-center\" data-align=\"center\">NON DISPONIBLE<\/td><\/tr><tr><td class=\"has-text-align-center\" data-align=\"center\">22 au 29 aout<\/td><td class=\"has-text-align-center\" data-align=\"center\">NON DISPONIBLE<\/td><\/tr><tr><td class=\"has-text-align-center\" data-align=\"center\">29 aout au 05 septembre<\/td><td class=\"has-text-align-center\" data-align=\"center\">NON DISPONIBLE<\/td><\/tr><tr><td class=\"has-text-align-center\" data-align=\"center\">05 au 12 septembre<\/td><td class=\"has-text-align-center\" data-align=\"center\">NON DISPONIBLE<\/td><\/tr><tr><td class=\"has-text-align-center\" data-align=\"center\">12 au 19 septembre<\/td><td class=\"has-text-align-center\" data-align=\"center\">NON DISPONIBLE<\/td><\/tr><tr><td class=\"has-text-align-center\" data-align=\"center\">19 au 26 septembre<\/td><td class=\"has-text-align-center\" data-align=\"center\">440 euros<\/td><\/tr><tr><td class=\"has-text-align-center\" data-align=\"center\">26 septembre au 03 octobre<\/td><td class=\"has-text-align-center\" data-align=\"center\">440 euros<\/td><\/tr><tr><td class=\"has-text-align-center\" data-align=\"center\">03 au 10 octobre<\/td><td class=\"has-text-align-center\" data-align=\"center\">NON DISPONIBLE<\/td><\/tr><tr><td class=\"has-text-align-center\" data-align=\"center\">10 au 17 octobre<\/td><td class=\"has-text-align-center\" data-align=\"center\">NON DISPONIBLE<\/td><\/tr><tr><td class=\"has-text-align-center\" data-align=\"center\">17 au 24 octobre<\/td><td class=\"has-text-align-center\" data-align=\"center\">385 euros<\/td><\/tr><tr><td class=\"has-text-align-center\" data-align=\"center\">24 au 31 octobre<\/td><td class=\"has-text-align-center\" data-align=\"center\">385 euros<\/td><\/tr><tr><td class=\"has-text-align-center\" data-align=\"center\">31 octobre au 07 novembre<\/td><td class=\"has-text-align-center\" data-align=\"center\">NON DISPONIBLE<\/td><\/tr><tr><td class=\"has-text-align-center\" data-align=\"center\">07 au 14 novembre<\/td><td class=\"has-text-align-center\" data-align=\"center\">NON DISPONIBLE<\/td><\/tr><tr><td class=\"has-text-align-center\" data-align=\"center\">14 au 21 novembre<\/td><td class=\"has-text-align-center\" data-align=\"center\">NON DISPONIBLE<\/td><\/tr><tr><td class=\"has-text-align-center\" data-align=\"center\">21 au 28 novembre<\/td><td class=\"has-text-align-center\" data-align=\"center\">NON DISPONIBLE<\/td><\/tr><tr><td class=\"has-text-align-center\" data-align=\"center\">28 novembre au 05 d\u00e9cembre<\/td><td class=\"has-text-align-center\" data-align=\"center\">NON DISPONIBLE<\/td><\/tr><tr><td class=\"has-text-align-center\" data-align=\"center\">05 au 12 d\u00e9cembre<\/td><td class=\"has-text-align-center\" data-align=\"center\">NON DISPONIBLE<\/td><\/tr><tr><td class=\"has-text-align-center\" data-align=\"center\">12 au 19 d\u00e9cembre<\/td><td class=\"has-text-align-center\" data-align=\"center\">NON DISPONIBLE<\/td><\/tr><tr><td class=\"has-text-align-center\" data-align=\"center\">19 au 26 d\u00e9cembre<\/td><td class=\"has-text-align-center\" data-align=\"center\">NON DISPONIBLE<\/td><\/tr><tr><td class=\"has-text-align-center\" data-align=\"center\">26 d\u00e9cembre au 02 janvier 2027<\/td><td class=\"has-text-align-center\" data-align=\"center\">NON DISPONIBLE<\/td><\/tr><\/tbody><\/table><\/figure>\n\n\n\n<p class=\"wp-block-paragraph\">.<\/p>\n\n\n\n<p class=\"wp-block-paragraph\" style=\"font-size:30px\"><strong>DISPONIBILITES ET TARIFS<\/strong> <strong>2027<\/strong> <\/p>\n\n\n\n<figure class=\"wp-block-table aligncenter is-style-regular\"><table><tbody><tr><td class=\"has-text-align-center\" data-align=\"center\">02 au 09 janvier<\/td><td class=\"has-text-align-center\" data-align=\"center\">NON DISPONIBLE<\/td><\/tr><tr><td class=\"has-text-align-center\" data-align=\"center\">09 au 16 janvier<\/td><td class=\"has-text-align-center\" data-align=\"center\">NON DISPONIBLE<\/td><\/tr><tr><td class=\"has-text-align-center\" data-align=\"center\">16 au 23 janvier<\/td><td class=\"has-text-align-center\" data-align=\"center\">NON DISPONIBLE<\/td><\/tr><tr><td class=\"has-text-align-center\" data-align=\"center\">23 au 30 janvier<\/td><td class=\"has-text-align-center\" data-align=\"center\">NON DISPONIBLE<\/td><\/tr><tr><td class=\"has-text-align-center\" data-align=\"center\">30 janvier au 06 f\u00e9vrier<\/td><td class=\"has-text-align-center\" data-align=\"center\">NON DISPONIBLE<\/td><\/tr><tr><td class=\"has-text-align-center\" data-align=\"center\">06 au 13 f\u00e9vrier<\/td><td class=\"has-text-align-center\" data-align=\"center\">NON DISPONIBLE<\/td><\/tr><tr><td class=\"has-text-align-center\" data-align=\"center\">13 au 20 f\u00e9vrier<\/td><td class=\"has-text-align-center\" data-align=\"center\">NON DISPONIBLE<\/td><\/tr><tr><td class=\"has-text-align-center\" data-align=\"center\">20 au 27 f\u00e9vrier<\/td><td class=\"has-text-align-center\" data-align=\"center\">NON DISPONIBLE<\/td><\/tr><tr><td class=\"has-text-align-center\" data-align=\"center\">27 f\u00e9vrier au 06 mars<\/td><td class=\"has-text-align-center\" data-align=\"center\">NON DISPONIBLE<\/td><\/tr><tr><td class=\"has-text-align-center\" data-align=\"center\">06 au 13 mars<\/td><td class=\"has-text-align-center\" data-align=\"center\">NON DISPONIBLE<\/td><\/tr><tr><td class=\"has-text-align-center\" data-align=\"center\">13 au 20 mars<\/td><td class=\"has-text-align-center\" data-align=\"center\">NON DISPONIBLE<\/td><\/tr><tr><td class=\"has-text-align-center\" data-align=\"center\">20 au 27 mars<\/td><td class=\"has-text-align-center\" data-align=\"center\">NON DISPONIBLE<\/td><\/tr><tr><td class=\"has-text-align-center\" data-align=\"center\">27 mars au 03 avril<\/td><td class=\"has-text-align-center\" data-align=\"center\">NON DISPONIBLE<\/td><\/tr><tr><td class=\"has-text-align-center\" data-align=\"center\">03 au 10 avril<\/td><td class=\"has-text-align-center\" data-align=\"center\">385 euros<\/td><\/tr><tr><td class=\"has-text-align-center\" data-align=\"center\">10 au 17 avril<\/td><td class=\"has-text-align-center\" data-align=\"center\">385 euros<\/td><\/tr><tr><td class=\"has-text-align-center\" data-align=\"center\">17 au 24 avril<\/td><td class=\"has-text-align-center\" data-align=\"center\">385 euros<\/td><\/tr><tr><td class=\"has-text-align-center\" data-align=\"center\">24 avril au 01 mai<\/td><td class=\"has-text-align-center\" data-align=\"center\">385 euros<\/td><\/tr><tr><td class=\"has-text-align-center\" data-align=\"center\">01 au 08 mai<\/td><td class=\"has-text-align-center\" data-align=\"center\">385 euros<\/td><\/tr><tr><td class=\"has-text-align-center\" data-align=\"center\">08 au 15 mai<\/td><td class=\"has-text-align-center\" data-align=\"center\">385 euros<\/td><\/tr><tr><td class=\"has-text-align-center\" data-align=\"center\">15 au 22 mai<\/td><td class=\"has-text-align-center\" data-align=\"center\">385 euros<\/td><\/tr><tr><td class=\"has-text-align-center\" data-align=\"center\">22 au 29 mai<\/td><td class=\"has-text-align-center\" data-align=\"center\">385 euros<\/td><\/tr><tr><td class=\"has-text-align-center\" data-align=\"center\">29 mai au 05 juin<\/td><td class=\"has-text-align-center\" data-align=\"center\">440 euros<\/td><\/tr><tr><td class=\"has-text-align-center\" data-align=\"center\">05 au 12 juin<\/td><td class=\"has-text-align-center\" data-align=\"center\">440 euros<\/td><\/tr><tr><td class=\"has-text-align-center\" data-align=\"center\">12 au 19 juin<\/td><td class=\"has-text-align-center\" data-align=\"center\">440 euros<\/td><\/tr><tr><td class=\"has-text-align-center\" data-align=\"center\">19 au 26 juin<\/td><td class=\"has-text-align-center\" data-align=\"center\">440 euros<\/td><\/tr><tr><td class=\"has-text-align-center\" data-align=\"center\">26 juin au 03 juillet<\/td><td class=\"has-text-align-center\" data-align=\"center\">500 euros<\/td><\/tr><tr><td class=\"has-text-align-center\" data-align=\"center\">03 au 10 juillet<\/td><td class=\"has-text-align-center\" data-align=\"center\">640 euros<\/td><\/tr><tr><td class=\"has-text-align-center\" data-align=\"center\">10 au 17 juillet<\/td><td class=\"has-text-align-center\" data-align=\"center\">640 euros<\/td><\/tr><tr><td class=\"has-text-align-center\" data-align=\"center\">17 au 24 juillet<\/td><td class=\"has-text-align-center\" data-align=\"center\">640 euros<\/td><\/tr><tr><td class=\"has-text-align-center\" data-align=\"center\">24 juillet au 31 juillet<\/td><td class=\"has-text-align-center\" data-align=\"center\">640 euros<\/td><\/tr><tr><td class=\"has-text-align-center\" data-align=\"center\">31 juillet au 07 aout<\/td><td class=\"has-text-align-center\" data-align=\"center\">740 euros<\/td><\/tr><tr><td class=\"has-text-align-center\" data-align=\"center\">07 au 14 aout<\/td><td class=\"has-text-align-center\" data-align=\"center\">740 euros<\/td><\/tr><tr><td class=\"has-text-align-center\" data-align=\"center\">14 au 21 aout<\/td><td class=\"has-text-align-center\" data-align=\"center\">740 euros<\/td><\/tr><tr><td class=\"has-text-align-center\" data-align=\"center\">21 au 28 aout<\/td><td class=\"has-text-align-center\" data-align=\"center\">640 euros<\/td><\/tr><tr><td class=\"has-text-align-center\" data-align=\"center\">28 aout au 04 septembre<\/td><td class=\"has-text-align-center\" data-align=\"center\">500 euros<\/td><\/tr><tr><td class=\"has-text-align-center\" data-align=\"center\">04 au 11 septembre<\/td><td class=\"has-text-align-center\" data-align=\"center\">440 euros<\/td><\/tr><tr><td class=\"has-text-align-center\" data-align=\"center\">11 au 18 septembre<\/td><td class=\"has-text-align-center\" data-align=\"center\">440 euros<\/td><\/tr><tr><td class=\"has-text-align-center\" data-align=\"center\">18 au 25 septembre<\/td><td class=\"has-text-align-center\" data-align=\"center\">440 euros<\/td><\/tr><tr><td class=\"has-text-align-center\" data-align=\"center\">25 septembre au 02 octobre<\/td><td class=\"has-text-align-center\" data-align=\"center\">440 euros<\/td><\/tr><tr><td class=\"has-text-align-center\" data-align=\"center\">02 au 09 octobre<\/td><td class=\"has-text-align-center\" data-align=\"center\">385 euros<\/td><\/tr><tr><td class=\"has-text-align-center\" data-align=\"center\">09 au 16 octobre<\/td><td class=\"has-text-align-center\" data-align=\"center\">385 euros<\/td><\/tr><tr><td class=\"has-text-align-center\" data-align=\"center\">16 au 23 octobre<\/td><td class=\"has-text-align-center\" data-align=\"center\">385 euros<\/td><\/tr><tr><td class=\"has-text-align-center\" data-align=\"center\">23 au 30 octobre<\/td><td class=\"has-text-align-center\" data-align=\"center\">385 euros<\/td><\/tr><tr><td class=\"has-text-align-center\" data-align=\"center\">30 octobre au 06 novembre<\/td><td class=\"has-text-align-center\" data-align=\"center\">NON DISPONIBLE<\/td><\/tr><tr><td class=\"has-text-align-center\" data-align=\"center\">06 au 13 novembre<\/td><td class=\"has-text-align-center\" data-align=\"center\">NON DISPONIBLE<\/td><\/tr><tr><td class=\"has-text-align-center\" data-align=\"center\">13 au 20 novembre<\/td><td class=\"has-text-align-center\" data-align=\"center\">NON DISPONIBLE<\/td><\/tr><tr><td class=\"has-text-align-center\" data-align=\"center\">20 au 27 novembre<\/td><td class=\"has-text-align-center\" data-align=\"center\">NON DISPONIBLE<\/td><\/tr><tr><td class=\"has-text-align-center\" data-align=\"center\">27 novembre au 04 d\u00e9cembre<\/td><td class=\"has-text-align-center\" data-align=\"center\">NON DISPONIBLE<\/td><\/tr><tr><td class=\"has-text-align-center\" data-align=\"center\">04 au 11 d\u00e9cembre<\/td><td class=\"has-text-align-center\" data-align=\"center\">NON DISPONIBLE<\/td><\/tr><tr><td class=\"has-text-align-center\" data-align=\"center\">11 au 18 d\u00e9cembre<\/td><td class=\"has-text-align-center\" data-align=\"center\">NON DISPONIBLE<\/td><\/tr><tr><td class=\"has-text-align-center\" data-align=\"center\">18 au 25 d\u00e9cembre<\/td><td class=\"has-text-align-center\" data-align=\"center\">NON DISPONIBLE<\/td><\/tr><tr><td class=\"has-text-align-center\" data-align=\"center\">25 d\u00e9cembre au 01 janvier 2028<\/td><td class=\"has-text-align-center\" data-align=\"center\">NON DISPONIBLE<\/td><\/tr><\/tbody><\/table><\/figure>\n\n\n\n<p class=\"wp-block-paragraph\"><\/p>\n\n\n\n<div class=\"wp-block-columns is-layout-flex wp-container-core-columns-is-layout-8f761849 wp-block-columns-is-layout-flex\">\n<div class=\"wp-block-column is-layout-flow wp-block-column-is-layout-flow\" style=\"flex-basis:100%\"><\/div>\n<\/div>\n","protected":false},"excerpt":{"rendered":"<p>. Le g\u00eete est ouvert \u00e0 l\u2019ann\u00e9e. La location vous est propos\u00e9e \u00e0 la semaine du samedi au samedi. CONTACT &#8211; Vous pouvez me contacter par t\u00e9l\u00e9phone au 06 76 25 83 36 (Heure du repas le soir de 18h \u00e0 20h), ou par email: arnaudpastoret@hotmail.com MODALITES DE RESERVATION ET DE LOCATION \u200b\u2013 Horaire d\u2019arriv\u00e9e: [&hellip;]<\/p>\n","protected":false},"author":1,"featured_media":0,"parent":0,"menu_order":0,"comment_status":"closed","ping_status":"closed","template":"full-width.php","meta":{"footnotes":""},"class_list":["post-40","page","type-page","status-publish","hentry"],"_links":{"self":[{"href":"https:\/\/gitelejardindesalberes.fr\/index.php?rest_route=\/wp\/v2\/pages\/40","targetHints":{"allow":["GET"]}}],"collection":[{"href":"https:\/\/gitelejardindesalberes.fr\/index.php?rest_route=\/wp\/v2\/pages"}],"about":[{"href":"https:\/\/gitelejardindesalberes.fr\/index.php?rest_route=\/wp\/v2\/types\/page"}],"author":[{"embeddable":true,"href":"https:\/\/gitelejardindesalberes.fr\/index.php?rest_route=\/wp\/v2\/users\/1"}],"replies":[{"embeddable":true,"href":"https:\/\/gitelejardindesalberes.fr\/index.php?rest_route=%2Fwp%2Fv2%2Fcomments&post=40"}],"version-history":[{"count":232,"href":"https:\/\/gitelejardindesalberes.fr\/index.php?rest_route=\/wp\/v2\/pages\/40\/revisions"}],"predecessor-version":[{"id":1410,"href":"https:\/\/gitelejardindesalberes.fr\/index.php?rest_route=\/wp\/v2\/pages\/40\/revisions\/1410"}],"wp:attachment":[{"href":"https:\/\/gitelejardindesalberes.fr\/index.php?rest_route=%2Fwp%2Fv2%2Fmedia&parent=40"}],"curies":[{"name":"wp","href":"https:\/\/api.w.org\/{rel}","templated":true}]}}