{"id":372,"date":"2021-06-16T12:19:20","date_gmt":"2021-06-16T10:19:20","guid":{"rendered":"http:\/\/gitelejardindesalberes.fr\/?page_id=372"},"modified":"2024-03-18T06:36:01","modified_gmt":"2024-03-18T05:36:01","slug":"photos-collioure-cote-vermeille-et-reserve-marine","status":"publish","type":"page","link":"https:\/\/gitelejardindesalberes.fr\/?page_id=372","title":{"rendered":"Photos hors Argel\u00e8s"},"content":{"rendered":"\n<p class=\"has-medium-font-size\"><strong>Photos Collioure, C\u00f4te Vermeille, R\u00e9serve marine sur Cerb\u00e8re<\/strong><\/p>\n\n\n\n<p><strong>Photos: Arnaud Pastoret<\/strong><\/p>\n\n\n\n<p>Dans la s\u00e9rie de photos pr\u00e9sent\u00e9e, vous retrouverez notamment des vues sur l&rsquo;<strong>Eglise Notre-Dame des Anges de Collioure<\/strong>, <strong>les rues de Collioure<\/strong>, <strong>Port-Vendres<\/strong>, <strong>la r\u00e9serve marine sur Cerb\u00e8re<\/strong><\/p>\n\n\n<div class=\"wp-block-image is-style-default\">\n<figure class=\"aligncenter size-full\"><img loading=\"lazy\" decoding=\"async\" width=\"750\" height=\"559\" src=\"https:\/\/gitelejardindesalberes.fr\/wp-content\/uploads\/2021\/06\/collioureND1rcr750.jpg\" alt=\"\" class=\"wp-image-373\" srcset=\"https:\/\/gitelejardindesalberes.fr\/wp-content\/uploads\/2021\/06\/collioureND1rcr750.jpg 750w, https:\/\/gitelejardindesalberes.fr\/wp-content\/uploads\/2021\/06\/collioureND1rcr750-300x224.jpg 300w, https:\/\/gitelejardindesalberes.fr\/wp-content\/uploads\/2021\/06\/collioureND1rcr750-1x1.jpg 1w\" sizes=\"auto, (max-width: 750px) 100vw, 750px\" \/><\/figure>\n<\/div>\n\n\n<p>.<\/p>\n\n\n<div class=\"wp-block-image is-style-default\">\n<figure class=\"aligncenter size-full\"><img loading=\"lazy\" decoding=\"async\" width=\"562\" height=\"750\" src=\"https:\/\/gitelejardindesalberes.fr\/wp-content\/uploads\/2021\/06\/phare1reccr750.jpg\" alt=\"\" class=\"wp-image-375\" srcset=\"https:\/\/gitelejardindesalberes.fr\/wp-content\/uploads\/2021\/06\/phare1reccr750.jpg 562w, https:\/\/gitelejardindesalberes.fr\/wp-content\/uploads\/2021\/06\/phare1reccr750-225x300.jpg 225w, https:\/\/gitelejardindesalberes.fr\/wp-content\/uploads\/2021\/06\/phare1reccr750-1x1.jpg 1w\" sizes=\"auto, (max-width: 562px) 100vw, 562px\" \/><\/figure>\n<\/div>\n\n\n<p>.<\/p>\n\n\n<div class=\"wp-block-image is-style-default\">\n<figure class=\"aligncenter size-full\"><img loading=\"lazy\" decoding=\"async\" width=\"750\" height=\"562\" src=\"https:\/\/gitelejardindesalberes.fr\/wp-content\/uploads\/2021\/06\/chateau1cr750.jpg\" alt=\"\" class=\"wp-image-374\" srcset=\"https:\/\/gitelejardindesalberes.fr\/wp-content\/uploads\/2021\/06\/chateau1cr750.jpg 750w, https:\/\/gitelejardindesalberes.fr\/wp-content\/uploads\/2021\/06\/chateau1cr750-300x225.jpg 300w, https:\/\/gitelejardindesalberes.fr\/wp-content\/uploads\/2021\/06\/chateau1cr750-1x1.jpg 1w\" sizes=\"auto, (max-width: 750px) 100vw, 750px\" \/><\/figure>\n<\/div>\n\n\n<p>.<\/p>\n\n\n<div class=\"wp-block-image is-style-default\">\n<figure class=\"aligncenter size-full\"><img loading=\"lazy\" decoding=\"async\" width=\"562\" height=\"750\" src=\"https:\/\/gitelejardindesalberes.fr\/wp-content\/uploads\/2021\/06\/rue8ok-cr750.jpg\" alt=\"\" class=\"wp-image-376\" srcset=\"https:\/\/gitelejardindesalberes.fr\/wp-content\/uploads\/2021\/06\/rue8ok-cr750.jpg 562w, https:\/\/gitelejardindesalberes.fr\/wp-content\/uploads\/2021\/06\/rue8ok-cr750-225x300.jpg 225w, https:\/\/gitelejardindesalberes.fr\/wp-content\/uploads\/2021\/06\/rue8ok-cr750-1x1.jpg 1w\" sizes=\"auto, (max-width: 562px) 100vw, 562px\" \/><\/figure>\n<\/div>\n\n\n<p>.<\/p>\n\n\n<div class=\"wp-block-image is-style-default\">\n<figure class=\"aligncenter size-full\"><img loading=\"lazy\" decoding=\"async\" width=\"562\" height=\"750\" src=\"https:\/\/gitelejardindesalberes.fr\/wp-content\/uploads\/2021\/06\/rue2cr750.jpg\" alt=\"\" class=\"wp-image-377\" srcset=\"https:\/\/gitelejardindesalberes.fr\/wp-content\/uploads\/2021\/06\/rue2cr750.jpg 562w, https:\/\/gitelejardindesalberes.fr\/wp-content\/uploads\/2021\/06\/rue2cr750-225x300.jpg 225w, https:\/\/gitelejardindesalberes.fr\/wp-content\/uploads\/2021\/06\/rue2cr750-1x1.jpg 1w\" sizes=\"auto, (max-width: 562px) 100vw, 562px\" \/><\/figure>\n<\/div>\n\n\n<p>.<\/p>\n\n\n<div class=\"wp-block-image is-style-default\">\n<figure class=\"aligncenter size-full\"><img loading=\"lazy\" decoding=\"async\" width=\"562\" height=\"750\" src=\"https:\/\/gitelejardindesalberes.fr\/wp-content\/uploads\/2021\/06\/rue11cr750.jpg\" alt=\"\" class=\"wp-image-378\" srcset=\"https:\/\/gitelejardindesalberes.fr\/wp-content\/uploads\/2021\/06\/rue11cr750.jpg 562w, https:\/\/gitelejardindesalberes.fr\/wp-content\/uploads\/2021\/06\/rue11cr750-225x300.jpg 225w, https:\/\/gitelejardindesalberes.fr\/wp-content\/uploads\/2021\/06\/rue11cr750-1x1.jpg 1w\" sizes=\"auto, (max-width: 562px) 100vw, 562px\" \/><\/figure>\n<\/div>\n\n\n<p>.<\/p>\n\n\n<div class=\"wp-block-image is-style-default\">\n<figure class=\"aligncenter size-full\"><img loading=\"lazy\" decoding=\"async\" width=\"548\" height=\"750\" src=\"https:\/\/gitelejardindesalberes.fr\/wp-content\/uploads\/2021\/06\/rue12cr750.jpg\" alt=\"\" class=\"wp-image-379\" srcset=\"https:\/\/gitelejardindesalberes.fr\/wp-content\/uploads\/2021\/06\/rue12cr750.jpg 548w, https:\/\/gitelejardindesalberes.fr\/wp-content\/uploads\/2021\/06\/rue12cr750-219x300.jpg 219w, https:\/\/gitelejardindesalberes.fr\/wp-content\/uploads\/2021\/06\/rue12cr750-1x1.jpg 1w\" sizes=\"auto, (max-width: 548px) 100vw, 548px\" \/><\/figure>\n<\/div>\n\n\n<p>.<\/p>\n\n\n<div class=\"wp-block-image is-style-default\">\n<figure class=\"aligncenter size-full\"><img loading=\"lazy\" decoding=\"async\" width=\"750\" height=\"562\" src=\"https:\/\/gitelejardindesalberes.fr\/wp-content\/uploads\/2021\/06\/chat-portcr750.jpg\" alt=\"\" class=\"wp-image-388\" srcset=\"https:\/\/gitelejardindesalberes.fr\/wp-content\/uploads\/2021\/06\/chat-portcr750.jpg 750w, https:\/\/gitelejardindesalberes.fr\/wp-content\/uploads\/2021\/06\/chat-portcr750-300x225.jpg 300w, https:\/\/gitelejardindesalberes.fr\/wp-content\/uploads\/2021\/06\/chat-portcr750-1x1.jpg 1w\" sizes=\"auto, (max-width: 750px) 100vw, 750px\" \/><\/figure>\n<\/div>\n\n\n<p>.<\/p>\n\n\n<div class=\"wp-block-image is-style-default\">\n<figure class=\"aligncenter size-full\"><img loading=\"lazy\" decoding=\"async\" width=\"750\" height=\"562\" src=\"https:\/\/gitelejardindesalberes.fr\/wp-content\/uploads\/2021\/06\/bateau-bleucr750.jpg\" alt=\"\" class=\"wp-image-389\" srcset=\"https:\/\/gitelejardindesalberes.fr\/wp-content\/uploads\/2021\/06\/bateau-bleucr750.jpg 750w, https:\/\/gitelejardindesalberes.fr\/wp-content\/uploads\/2021\/06\/bateau-bleucr750-300x225.jpg 300w, https:\/\/gitelejardindesalberes.fr\/wp-content\/uploads\/2021\/06\/bateau-bleucr750-1x1.jpg 1w\" sizes=\"auto, (max-width: 750px) 100vw, 750px\" \/><\/figure>\n<\/div>\n\n\n<p>.<\/p>\n\n\n<div class=\"wp-block-image is-style-default\">\n<figure class=\"aligncenter size-full\"><img loading=\"lazy\" decoding=\"async\" width=\"750\" height=\"562\" src=\"https:\/\/gitelejardindesalberes.fr\/wp-content\/uploads\/2021\/06\/transport-lum750.jpg\" alt=\"\" class=\"wp-image-390\" srcset=\"https:\/\/gitelejardindesalberes.fr\/wp-content\/uploads\/2021\/06\/transport-lum750.jpg 750w, https:\/\/gitelejardindesalberes.fr\/wp-content\/uploads\/2021\/06\/transport-lum750-300x225.jpg 300w, https:\/\/gitelejardindesalberes.fr\/wp-content\/uploads\/2021\/06\/transport-lum750-1x1.jpg 1w\" sizes=\"auto, (max-width: 750px) 100vw, 750px\" \/><\/figure>\n<\/div>\n\n\n<p>.<\/p>\n\n\n<div class=\"wp-block-image is-style-default\">\n<figure class=\"aligncenter size-full\"><img loading=\"lazy\" decoding=\"async\" width=\"750\" height=\"562\" src=\"https:\/\/gitelejardindesalberes.fr\/wp-content\/uploads\/2021\/06\/cerbere2cr750.jpg\" alt=\"\" class=\"wp-image-384\" srcset=\"https:\/\/gitelejardindesalberes.fr\/wp-content\/uploads\/2021\/06\/cerbere2cr750.jpg 750w, https:\/\/gitelejardindesalberes.fr\/wp-content\/uploads\/2021\/06\/cerbere2cr750-300x225.jpg 300w, https:\/\/gitelejardindesalberes.fr\/wp-content\/uploads\/2021\/06\/cerbere2cr750-1x1.jpg 1w\" sizes=\"auto, (max-width: 750px) 100vw, 750px\" \/><\/figure>\n<\/div>\n\n\n<p>.<\/p>\n\n\n<div class=\"wp-block-image is-style-default\">\n<figure class=\"aligncenter size-full\"><img loading=\"lazy\" decoding=\"async\" width=\"750\" height=\"562\" src=\"https:\/\/gitelejardindesalberes.fr\/wp-content\/uploads\/2021\/06\/cerbere3cr750.jpg\" alt=\"\" class=\"wp-image-385\" srcset=\"https:\/\/gitelejardindesalberes.fr\/wp-content\/uploads\/2021\/06\/cerbere3cr750.jpg 750w, https:\/\/gitelejardindesalberes.fr\/wp-content\/uploads\/2021\/06\/cerbere3cr750-300x225.jpg 300w, https:\/\/gitelejardindesalberes.fr\/wp-content\/uploads\/2021\/06\/cerbere3cr750-1x1.jpg 1w\" sizes=\"auto, (max-width: 750px) 100vw, 750px\" \/><\/figure>\n<\/div>\n\n\n<p>.<\/p>\n\n\n<div class=\"wp-block-image is-style-default\">\n<figure class=\"aligncenter size-full\"><img loading=\"lazy\" decoding=\"async\" width=\"750\" height=\"562\" src=\"https:\/\/gitelejardindesalberes.fr\/wp-content\/uploads\/2021\/06\/cerbere1cr750.jpg\" alt=\"\" class=\"wp-image-386\" srcset=\"https:\/\/gitelejardindesalberes.fr\/wp-content\/uploads\/2021\/06\/cerbere1cr750.jpg 750w, https:\/\/gitelejardindesalberes.fr\/wp-content\/uploads\/2021\/06\/cerbere1cr750-300x225.jpg 300w, https:\/\/gitelejardindesalberes.fr\/wp-content\/uploads\/2021\/06\/cerbere1cr750-1x1.jpg 1w\" sizes=\"auto, (max-width: 750px) 100vw, 750px\" \/><\/figure>\n<\/div>\n\n\n<p>.<\/p>\n\n\n\n<p class=\"has-medium-font-size\"><strong>Photos Arri\u00e8re-Pays<\/strong><\/p>\n\n\n\n<p>Vous retrouverez ci-apr\u00e8s des vues sur le<strong> Train Jaune<\/strong>, <strong>l&rsquo;Eglise Saint-Vincent-d&rsquo;En-Haut \u00e0 Eus<\/strong>, <strong>le<\/strong> <strong>Massif du Cambre d&rsquo;Aze<\/strong>.<\/p>\n\n\n\n<a href=\"https:\/\/www.tourisme-pyreneesorientales.com\/le-train-jaune-0\" target=\"_blank\" rel=\"noopener noreferrer\">cliquer ici pour des compl\u00e9ments sur le Train Jaune<\/a>\n\n\n\n<p>          <\/p>\n\n\n\n<a href=\"https:\/\/www.tourisme-occitanie.com\/fr\/fiche\/patrimoine-culturel\/eglise-saint-vincent-d-en-haut-d-eus-eus_TFOPCULAR066V51NJBW\/\" target=\"_blank\" rel=\"noopener noreferrer\">cliquer ici pour des compl\u00e9ments sur l&rsquo;Eglise Saint-Vincent-d&rsquo;En-Haut \u00e0 Eus<\/a>\n\n\n\n<p>          <\/p>\n\n\n\n<a href=\"https:\/\/www.cambre-d-aze.com\/fr\/accueil\/le-massif-du-cambre-daze\">cliquer ici pour des compl\u00e9ments sur le Massif du Cambre d&rsquo;Aze<\/a>\n\n\n\n<p>          <\/p>\n\n\n<div class=\"wp-block-image is-style-default\">\n<figure class=\"aligncenter size-full\"><img loading=\"lazy\" decoding=\"async\" width=\"750\" height=\"562\" src=\"https:\/\/gitelejardindesalberes.fr\/wp-content\/uploads\/2021\/06\/train-jaunecr750.jpg\" alt=\"\" class=\"wp-image-397\" srcset=\"https:\/\/gitelejardindesalberes.fr\/wp-content\/uploads\/2021\/06\/train-jaunecr750.jpg 750w, https:\/\/gitelejardindesalberes.fr\/wp-content\/uploads\/2021\/06\/train-jaunecr750-300x225.jpg 300w, https:\/\/gitelejardindesalberes.fr\/wp-content\/uploads\/2021\/06\/train-jaunecr750-1x1.jpg 1w\" sizes=\"auto, (max-width: 750px) 100vw, 750px\" \/><\/figure>\n<\/div>\n\n\n<p>.<\/p>\n\n\n<div class=\"wp-block-image is-style-default\">\n<figure class=\"aligncenter size-full\"><img loading=\"lazy\" decoding=\"async\" width=\"562\" height=\"750\" src=\"https:\/\/gitelejardindesalberes.fr\/wp-content\/uploads\/2021\/06\/euscr750.jpg\" alt=\"\" class=\"wp-image-398\" srcset=\"https:\/\/gitelejardindesalberes.fr\/wp-content\/uploads\/2021\/06\/euscr750.jpg 562w, https:\/\/gitelejardindesalberes.fr\/wp-content\/uploads\/2021\/06\/euscr750-225x300.jpg 225w, https:\/\/gitelejardindesalberes.fr\/wp-content\/uploads\/2021\/06\/euscr750-1x1.jpg 1w\" sizes=\"auto, (max-width: 562px) 100vw, 562px\" \/><\/figure>\n<\/div>\n\n\n<p>.<\/p>\n\n\n<div class=\"wp-block-image is-style-default\">\n<figure class=\"aligncenter size-full\"><img loading=\"lazy\" decoding=\"async\" width=\"750\" height=\"562\" src=\"https:\/\/gitelejardindesalberes.fr\/wp-content\/uploads\/2021\/06\/cambre-daze-au-couchant-1cr750.jpg\" alt=\"\" class=\"wp-image-399\" srcset=\"https:\/\/gitelejardindesalberes.fr\/wp-content\/uploads\/2021\/06\/cambre-daze-au-couchant-1cr750.jpg 750w, https:\/\/gitelejardindesalberes.fr\/wp-content\/uploads\/2021\/06\/cambre-daze-au-couchant-1cr750-300x225.jpg 300w, https:\/\/gitelejardindesalberes.fr\/wp-content\/uploads\/2021\/06\/cambre-daze-au-couchant-1cr750-1x1.jpg 1w\" sizes=\"auto, (max-width: 750px) 100vw, 750px\" \/><\/figure>\n<\/div>\n\n\n<p>.<\/p>\n\n\n\n<p class=\"has-medium-font-size\"><strong>Photos Cadaques, Cap Creus<\/strong><\/p>\n\n\n<div class=\"wp-block-image is-style-default\">\n<figure class=\"aligncenter size-full\"><img loading=\"lazy\" decoding=\"async\" width=\"562\" height=\"750\" src=\"https:\/\/gitelejardindesalberes.fr\/wp-content\/uploads\/2021\/06\/cadaquescr750.jpg\" alt=\"\" class=\"wp-image-403\" srcset=\"https:\/\/gitelejardindesalberes.fr\/wp-content\/uploads\/2021\/06\/cadaquescr750.jpg 562w, https:\/\/gitelejardindesalberes.fr\/wp-content\/uploads\/2021\/06\/cadaquescr750-225x300.jpg 225w, https:\/\/gitelejardindesalberes.fr\/wp-content\/uploads\/2021\/06\/cadaquescr750-1x1.jpg 1w\" sizes=\"auto, (max-width: 562px) 100vw, 562px\" \/><\/figure>\n<\/div>\n\n\n<p>.<\/p>\n\n\n<div class=\"wp-block-image is-style-default\">\n<figure class=\"aligncenter size-full\"><img loading=\"lazy\" decoding=\"async\" width=\"750\" height=\"562\" src=\"https:\/\/gitelejardindesalberes.fr\/wp-content\/uploads\/2021\/06\/cap-creuscr750.jpg\" alt=\"\" class=\"wp-image-404\" srcset=\"https:\/\/gitelejardindesalberes.fr\/wp-content\/uploads\/2021\/06\/cap-creuscr750.jpg 750w, https:\/\/gitelejardindesalberes.fr\/wp-content\/uploads\/2021\/06\/cap-creuscr750-300x225.jpg 300w, https:\/\/gitelejardindesalberes.fr\/wp-content\/uploads\/2021\/06\/cap-creuscr750-1x1.jpg 1w\" sizes=\"auto, (max-width: 750px) 100vw, 750px\" \/><\/figure>\n<\/div>","protected":false},"excerpt":{"rendered":"<p>Photos Collioure, C\u00f4te Vermeille, R\u00e9serve marine sur Cerb\u00e8re Photos: Arnaud Pastoret Dans la s\u00e9rie de photos pr\u00e9sent\u00e9e, vous retrouverez notamment des vues sur l&rsquo;Eglise Notre-Dame des Anges de Collioure, les rues de Collioure, Port-Vendres, la r\u00e9serve marine sur Cerb\u00e8re . . . . . . . . . . . . . Photos Arri\u00e8re-Pays Vous [&hellip;]<\/p>\n","protected":false},"author":1,"featured_media":0,"parent":0,"menu_order":0,"comment_status":"closed","ping_status":"closed","template":"full-width.php","meta":{"footnotes":""},"class_list":["post-372","page","type-page","status-publish","hentry"],"_links":{"self":[{"href":"https:\/\/gitelejardindesalberes.fr\/index.php?rest_route=\/wp\/v2\/pages\/372","targetHints":{"allow":["GET"]}}],"collection":[{"href":"https:\/\/gitelejardindesalberes.fr\/index.php?rest_route=\/wp\/v2\/pages"}],"about":[{"href":"https:\/\/gitelejardindesalberes.fr\/index.php?rest_route=\/wp\/v2\/types\/page"}],"author":[{"embeddable":true,"href":"https:\/\/gitelejardindesalberes.fr\/index.php?rest_route=\/wp\/v2\/users\/1"}],"replies":[{"embeddable":true,"href":"https:\/\/gitelejardindesalberes.fr\/index.php?rest_route=%2Fwp%2Fv2%2Fcomments&post=372"}],"version-history":[{"count":13,"href":"https:\/\/gitelejardindesalberes.fr\/index.php?rest_route=\/wp\/v2\/pages\/372\/revisions"}],"predecessor-version":[{"id":966,"href":"https:\/\/gitelejardindesalberes.fr\/index.php?rest_route=\/wp\/v2\/pages\/372\/revisions\/966"}],"wp:attachment":[{"href":"https:\/\/gitelejardindesalberes.fr\/index.php?rest_route=%2Fwp%2Fv2%2Fmedia&parent=372"}],"curies":[{"name":"wp","href":"https:\/\/api.w.org\/{rel}","templated":true}]}}