{"id":353,"date":"2021-06-16T11:31:02","date_gmt":"2021-06-16T09:31:02","guid":{"rendered":"http:\/\/gitelejardindesalberes.fr\/?page_id=353"},"modified":"2024-03-18T06:31:12","modified_gmt":"2024-03-18T05:31:12","slug":"photos-argeles-et-depuis-argeles","status":"publish","type":"page","link":"https:\/\/gitelejardindesalberes.fr\/?page_id=353","title":{"rendered":"Photos Argel\u00e8s et depuis Argel\u00e8s"},"content":{"rendered":"\n<p><strong>Photos: Arnaud Pastoret<\/strong><\/p>\n\n\n\n<p>Dans la s\u00e9rie de photos pr\u00e9sent\u00e9e, vous retrouverez notamment des vues sur la c\u00f4te (plage, Racou, Criques de Porteils), le port, le Massif du Canigou.<\/p>\n\n\n<div class=\"wp-block-image is-style-default\">\n<figure class=\"aligncenter size-full\"><img loading=\"lazy\" decoding=\"async\" width=\"750\" height=\"422\" src=\"https:\/\/gitelejardindesalberes.fr\/wp-content\/uploads\/2021\/06\/voilier2cr750.jpg\" alt=\"\" class=\"wp-image-356\" srcset=\"https:\/\/gitelejardindesalberes.fr\/wp-content\/uploads\/2021\/06\/voilier2cr750.jpg 750w, https:\/\/gitelejardindesalberes.fr\/wp-content\/uploads\/2021\/06\/voilier2cr750-300x169.jpg 300w, https:\/\/gitelejardindesalberes.fr\/wp-content\/uploads\/2021\/06\/voilier2cr750-1x1.jpg 1w\" sizes=\"auto, (max-width: 750px) 100vw, 750px\" \/><\/figure>\n<\/div>\n\n\n<p>Le petit bateau de p\u00eache ci-apr\u00e8s est celui d&rsquo;un des quelques \u00ab\u00a0petits p\u00eacheurs\u00a0\u00bb locaux. Tous les matins, le poisson y est vendu au port.<\/p>\n\n\n<div class=\"wp-block-image is-style-default\">\n<figure class=\"aligncenter size-full\"><img loading=\"lazy\" decoding=\"async\" width=\"750\" height=\"562\" src=\"https:\/\/gitelejardindesalberes.fr\/wp-content\/uploads\/2021\/06\/bateau-pret1-750.jpg\" alt=\"\" class=\"wp-image-355\" srcset=\"https:\/\/gitelejardindesalberes.fr\/wp-content\/uploads\/2021\/06\/bateau-pret1-750.jpg 750w, https:\/\/gitelejardindesalberes.fr\/wp-content\/uploads\/2021\/06\/bateau-pret1-750-300x225.jpg 300w, https:\/\/gitelejardindesalberes.fr\/wp-content\/uploads\/2021\/06\/bateau-pret1-750-1x1.jpg 1w\" sizes=\"auto, (max-width: 750px) 100vw, 750px\" \/><\/figure>\n<\/div>\n\n\n<p>.<\/p>\n\n\n<div class=\"wp-block-image is-style-default\">\n<figure class=\"aligncenter size-full\"><img loading=\"lazy\" decoding=\"async\" width=\"750\" height=\"422\" src=\"https:\/\/gitelejardindesalberes.fr\/wp-content\/uploads\/2021\/06\/bateaujourcr750.jpg\" alt=\"\" class=\"wp-image-363\" srcset=\"https:\/\/gitelejardindesalberes.fr\/wp-content\/uploads\/2021\/06\/bateaujourcr750.jpg 750w, https:\/\/gitelejardindesalberes.fr\/wp-content\/uploads\/2021\/06\/bateaujourcr750-300x169.jpg 300w, https:\/\/gitelejardindesalberes.fr\/wp-content\/uploads\/2021\/06\/bateaujourcr750-1x1.jpg 1w\" sizes=\"auto, (max-width: 750px) 100vw, 750px\" \/><\/figure>\n<\/div>\n\n\n<p>.<\/p>\n\n\n<div class=\"wp-block-image is-style-default\">\n<figure class=\"aligncenter size-full\"><img loading=\"lazy\" decoding=\"async\" width=\"750\" height=\"562\" src=\"https:\/\/gitelejardindesalberes.fr\/wp-content\/uploads\/2021\/06\/portlever1cr750.jpg\" alt=\"\" class=\"wp-image-354\" srcset=\"https:\/\/gitelejardindesalberes.fr\/wp-content\/uploads\/2021\/06\/portlever1cr750.jpg 750w, https:\/\/gitelejardindesalberes.fr\/wp-content\/uploads\/2021\/06\/portlever1cr750-300x225.jpg 300w, https:\/\/gitelejardindesalberes.fr\/wp-content\/uploads\/2021\/06\/portlever1cr750-1x1.jpg 1w\" sizes=\"auto, (max-width: 750px) 100vw, 750px\" \/><\/figure>\n<\/div>\n\n\n<p>.<\/p>\n\n\n<div class=\"wp-block-image is-style-default\">\n<figure class=\"aligncenter size-full\"><img loading=\"lazy\" decoding=\"async\" width=\"750\" height=\"562\" src=\"https:\/\/gitelejardindesalberes.fr\/wp-content\/uploads\/2021\/06\/lever-mer-pechecr750.jpg\" alt=\"\" class=\"wp-image-368\" srcset=\"https:\/\/gitelejardindesalberes.fr\/wp-content\/uploads\/2021\/06\/lever-mer-pechecr750.jpg 750w, https:\/\/gitelejardindesalberes.fr\/wp-content\/uploads\/2021\/06\/lever-mer-pechecr750-300x225.jpg 300w, https:\/\/gitelejardindesalberes.fr\/wp-content\/uploads\/2021\/06\/lever-mer-pechecr750-1x1.jpg 1w\" sizes=\"auto, (max-width: 750px) 100vw, 750px\" \/><\/figure>\n<\/div>\n\n\n<p>.<\/p>\n\n\n<div class=\"wp-block-image is-style-default\">\n<figure class=\"aligncenter size-full\"><img loading=\"lazy\" decoding=\"async\" width=\"750\" height=\"562\" src=\"https:\/\/gitelejardindesalberes.fr\/wp-content\/uploads\/2021\/06\/miroir-plein-soleil1cr750.jpg\" alt=\"\" class=\"wp-image-367\" srcset=\"https:\/\/gitelejardindesalberes.fr\/wp-content\/uploads\/2021\/06\/miroir-plein-soleil1cr750.jpg 750w, https:\/\/gitelejardindesalberes.fr\/wp-content\/uploads\/2021\/06\/miroir-plein-soleil1cr750-300x225.jpg 300w, https:\/\/gitelejardindesalberes.fr\/wp-content\/uploads\/2021\/06\/miroir-plein-soleil1cr750-1x1.jpg 1w\" sizes=\"auto, (max-width: 750px) 100vw, 750px\" \/><\/figure>\n<\/div>\n\n\n<p>.<\/p>\n\n\n<div class=\"wp-block-image is-style-default\">\n<figure class=\"aligncenter size-full\"><img loading=\"lazy\" decoding=\"async\" width=\"750\" height=\"562\" src=\"https:\/\/gitelejardindesalberes.fr\/wp-content\/uploads\/2021\/06\/boismercr750.jpg\" alt=\"\" class=\"wp-image-357\" srcset=\"https:\/\/gitelejardindesalberes.fr\/wp-content\/uploads\/2021\/06\/boismercr750.jpg 750w, https:\/\/gitelejardindesalberes.fr\/wp-content\/uploads\/2021\/06\/boismercr750-300x225.jpg 300w, https:\/\/gitelejardindesalberes.fr\/wp-content\/uploads\/2021\/06\/boismercr750-1x1.jpg 1w\" sizes=\"auto, (max-width: 750px) 100vw, 750px\" \/><\/figure>\n<\/div>\n\n\n<p>.<\/p>\n\n\n<div class=\"wp-block-image is-style-default\">\n<figure class=\"aligncenter size-full\"><img loading=\"lazy\" decoding=\"async\" width=\"750\" height=\"422\" src=\"https:\/\/gitelejardindesalberes.fr\/wp-content\/uploads\/2021\/06\/canigou-tech2-debr750.jpg\" alt=\"\" class=\"wp-image-358\" srcset=\"https:\/\/gitelejardindesalberes.fr\/wp-content\/uploads\/2021\/06\/canigou-tech2-debr750.jpg 750w, https:\/\/gitelejardindesalberes.fr\/wp-content\/uploads\/2021\/06\/canigou-tech2-debr750-300x169.jpg 300w, https:\/\/gitelejardindesalberes.fr\/wp-content\/uploads\/2021\/06\/canigou-tech2-debr750-1x1.jpg 1w\" sizes=\"auto, (max-width: 750px) 100vw, 750px\" \/><\/figure>\n<\/div>\n\n\n<p>.<\/p>\n\n\n<div class=\"wp-block-image is-style-default\">\n<figure class=\"aligncenter size-full\"><img loading=\"lazy\" decoding=\"async\" width=\"750\" height=\"484\" src=\"https:\/\/gitelejardindesalberes.fr\/wp-content\/uploads\/2021\/06\/canigou3_cr750.jpg\" alt=\"\" class=\"wp-image-359\" srcset=\"https:\/\/gitelejardindesalberes.fr\/wp-content\/uploads\/2021\/06\/canigou3_cr750.jpg 750w, https:\/\/gitelejardindesalberes.fr\/wp-content\/uploads\/2021\/06\/canigou3_cr750-300x194.jpg 300w, https:\/\/gitelejardindesalberes.fr\/wp-content\/uploads\/2021\/06\/canigou3_cr750-1x1.jpg 1w\" sizes=\"auto, (max-width: 750px) 100vw, 750px\" \/><\/figure>\n<\/div>\n\n\n<p>.<\/p>\n\n\n<div class=\"wp-block-image is-style-default\">\n<figure class=\"aligncenter size-full\"><img loading=\"lazy\" decoding=\"async\" width=\"750\" height=\"562\" src=\"https:\/\/gitelejardindesalberes.fr\/wp-content\/uploads\/2021\/06\/crique1cr750.jpg\" alt=\"\" class=\"wp-image-364\" srcset=\"https:\/\/gitelejardindesalberes.fr\/wp-content\/uploads\/2021\/06\/crique1cr750.jpg 750w, https:\/\/gitelejardindesalberes.fr\/wp-content\/uploads\/2021\/06\/crique1cr750-300x225.jpg 300w, https:\/\/gitelejardindesalberes.fr\/wp-content\/uploads\/2021\/06\/crique1cr750-1x1.jpg 1w\" sizes=\"auto, (max-width: 750px) 100vw, 750px\" \/><\/figure>\n<\/div>\n\n\n<p>.<\/p>\n\n\n<div class=\"wp-block-image is-style-default\">\n<figure class=\"aligncenter size-full\"><img loading=\"lazy\" decoding=\"async\" width=\"750\" height=\"562\" src=\"https:\/\/gitelejardindesalberes.fr\/wp-content\/uploads\/2021\/06\/crique2cr750.jpg\" alt=\"\" class=\"wp-image-365\" srcset=\"https:\/\/gitelejardindesalberes.fr\/wp-content\/uploads\/2021\/06\/crique2cr750.jpg 750w, https:\/\/gitelejardindesalberes.fr\/wp-content\/uploads\/2021\/06\/crique2cr750-300x225.jpg 300w, https:\/\/gitelejardindesalberes.fr\/wp-content\/uploads\/2021\/06\/crique2cr750-1x1.jpg 1w\" sizes=\"auto, (max-width: 750px) 100vw, 750px\" \/><\/figure>\n<\/div>\n\n\n<p>.<\/p>\n\n\n<div class=\"wp-block-image is-style-default\">\n<figure class=\"aligncenter size-full\"><img loading=\"lazy\" decoding=\"async\" width=\"750\" height=\"562\" src=\"https:\/\/gitelejardindesalberes.fr\/wp-content\/uploads\/2021\/06\/racou1cr750.jpg\" alt=\"\" class=\"wp-image-366\" srcset=\"https:\/\/gitelejardindesalberes.fr\/wp-content\/uploads\/2021\/06\/racou1cr750.jpg 750w, https:\/\/gitelejardindesalberes.fr\/wp-content\/uploads\/2021\/06\/racou1cr750-300x225.jpg 300w, https:\/\/gitelejardindesalberes.fr\/wp-content\/uploads\/2021\/06\/racou1cr750-1x1.jpg 1w\" sizes=\"auto, (max-width: 750px) 100vw, 750px\" \/><\/figure>\n<\/div>","protected":false},"excerpt":{"rendered":"<p>Photos: Arnaud Pastoret Dans la s\u00e9rie de photos pr\u00e9sent\u00e9e, vous retrouverez notamment des vues sur la c\u00f4te (plage, Racou, Criques de Porteils), le port, le Massif du Canigou. Le petit bateau de p\u00eache ci-apr\u00e8s est celui d&rsquo;un des quelques \u00ab\u00a0petits p\u00eacheurs\u00a0\u00bb locaux. Tous les matins, le poisson y est vendu au port. . . . [&hellip;]<\/p>\n","protected":false},"author":1,"featured_media":0,"parent":0,"menu_order":0,"comment_status":"closed","ping_status":"closed","template":"full-width.php","meta":{"footnotes":""},"class_list":["post-353","page","type-page","status-publish","hentry"],"_links":{"self":[{"href":"https:\/\/gitelejardindesalberes.fr\/index.php?rest_route=\/wp\/v2\/pages\/353","targetHints":{"allow":["GET"]}}],"collection":[{"href":"https:\/\/gitelejardindesalberes.fr\/index.php?rest_route=\/wp\/v2\/pages"}],"about":[{"href":"https:\/\/gitelejardindesalberes.fr\/index.php?rest_route=\/wp\/v2\/types\/page"}],"author":[{"embeddable":true,"href":"https:\/\/gitelejardindesalberes.fr\/index.php?rest_route=\/wp\/v2\/users\/1"}],"replies":[{"embeddable":true,"href":"https:\/\/gitelejardindesalberes.fr\/index.php?rest_route=%2Fwp%2Fv2%2Fcomments&post=353"}],"version-history":[{"count":7,"href":"https:\/\/gitelejardindesalberes.fr\/index.php?rest_route=\/wp\/v2\/pages\/353\/revisions"}],"predecessor-version":[{"id":962,"href":"https:\/\/gitelejardindesalberes.fr\/index.php?rest_route=\/wp\/v2\/pages\/353\/revisions\/962"}],"wp:attachment":[{"href":"https:\/\/gitelejardindesalberes.fr\/index.php?rest_route=%2Fwp%2Fv2%2Fmedia&parent=353"}],"curies":[{"name":"wp","href":"https:\/\/api.w.org\/{rel}","templated":true}]}}