{"id":195,"date":"2021-06-07T16:23:46","date_gmt":"2021-06-07T14:23:46","guid":{"rendered":"http:\/\/gitelejardindesalberes.fr\/?page_id=195"},"modified":"2024-03-18T06:27:12","modified_gmt":"2024-03-18T05:27:12","slug":"macro-et-proxy-photos-nature","status":"publish","type":"page","link":"https:\/\/gitelejardindesalberes.fr\/?page_id=195","title":{"rendered":"Macrophotographies"},"content":{"rendered":"\n<p><strong>Photos: Arnaud Pastoret<\/strong><\/p>\n\n\n\n<p><\/p>\n\n\n\n<p><strong>La diversit\u00e9 des milieux entourant le g\u00eete<\/strong>&nbsp;: rivi\u00e8re, for\u00eat et espaces ouverts, le bon niveau de pr\u00e9servation g\u00e9n\u00e9ral de l\u2019environnement&nbsp;et une grande biodiversit\u00e9 locale assur\u00e9e essentiellement par la<strong> flore spontan\u00e9e m\u00e9diterran\u00e9enne<\/strong> et aussi par <strong>des plantes adapt\u00e9es<\/strong>, offrent le g\u00eete et le couvert pour une faune tr\u00e8s riche tout au long de l\u2019ann\u00e9e.<\/p>\n\n\n\n<p>Le jardin et\/ou son environnement direct \u00e9tant fleurit 12 mois sur 12. Les insectes pollinisateurs (entre autres) y trouveront toujours des fleurs.<\/p>\n\n\n\n<p><strong>Dans la s\u00e9rie de photos pr\u00e9sent\u00e9e, vous retrouverez notamment c\u00f4t\u00e9 faune :<\/strong><\/p>\n\n\n\n<p>&#8211; un Agrion blanch\u00e2tre (Platycnemis latipes), qui est une libellule, une Mante religieuse (Mantis religiosa), un des magnifiques papillons Machaon (Papilio&nbsp;machaon) tr\u00e8s pr\u00e9sents dans le jardin, Abeilles (tr\u00e8s nombreuses toute l\u2019ann\u00e9e), syrphes, papillon Belle-Dame (Vanessa cardui), une Abeille charpenti\u00e8re (Xylocopa violacea), un Diablotin (Empusa pennata), un magnifique papillon Sphinx du ch\u00e8vrefeuille (Hemaris fuciformis) parmi les nombreux Morosphinx, une Punaise verte ponctu\u00e9e (Nezara viridula), un petit dipt\u00e8re Dichetophora obliterata, une Chrysope verte&nbsp;(Chrysoperla carnea), un Criquet migrateur (Locusta migratoria), une \u00c9peire diad\u00e8me (Araneus diadematus), une \u00c9ristale des fleurs (Myathropa florea), un Criquet pansu (Pezotettix giornae), un \u0153d\u00e9m\u00e8re noble (Oedemera nobilis)<\/p>\n\n\n\n<p><strong>Et c\u00f4t\u00e9 flore,&nbsp;vous retrouverez&nbsp;notamment :<\/strong><\/p>\n\n\n\n<p>&#8211; Val\u00e9riane rouge (Centranthus ruber), Ajonc (Ulex europaeus), Bruy\u00e8re arborescente (Erica arborea), Lavande, Osteospermum, Grevillea juniperina, Liseron de Turquie (Convolvulus cneorum), Bulbine frutescens, Oranger du Mexique (Choisya ternata \u2018Aztec Pearl\u2019), Tulbaghia violacea, une des nombreuses sauges du jardin, une fleur d\u2019Oxalis, Cotoneaster franchetii, une des 4 vari\u00e9t\u00e9s de Romarin du jardin, Plumbago rampant (Ceratostigma plumbaginoides), Phlomis purpurea, Euphorbe characias (Euphorbia characias)<\/p>\n\n\n\n<p> .<\/p>\n\n\n\n<p><strong>Galerie de photos prises ici<\/strong> :<\/p>\n\n\n\n<p>.<\/p>\n\n\n<div class=\"wp-block-image is-style-default\">\n<figure class=\"aligncenter size-full\"><img loading=\"lazy\" decoding=\"async\" width=\"750\" height=\"562\" src=\"https:\/\/gitelejardindesalberes.fr\/wp-content\/uploads\/2021\/06\/agrion1cr750.jpg\" alt=\"\" class=\"wp-image-344\" srcset=\"https:\/\/gitelejardindesalberes.fr\/wp-content\/uploads\/2021\/06\/agrion1cr750.jpg 750w, https:\/\/gitelejardindesalberes.fr\/wp-content\/uploads\/2021\/06\/agrion1cr750-300x225.jpg 300w, https:\/\/gitelejardindesalberes.fr\/wp-content\/uploads\/2021\/06\/agrion1cr750-1x1.jpg 1w\" sizes=\"auto, (max-width: 750px) 100vw, 750px\" \/><\/figure>\n<\/div>\n\n\n<p>.<\/p>\n\n\n<div class=\"wp-block-image is-style-default\">\n<figure class=\"aligncenter size-full\"><img loading=\"lazy\" decoding=\"async\" width=\"562\" height=\"750\" src=\"https:\/\/gitelejardindesalberes.fr\/wp-content\/uploads\/2021\/06\/mante1-redcr750.jpg\" alt=\"\" class=\"wp-image-414\" srcset=\"https:\/\/gitelejardindesalberes.fr\/wp-content\/uploads\/2021\/06\/mante1-redcr750.jpg 562w, https:\/\/gitelejardindesalberes.fr\/wp-content\/uploads\/2021\/06\/mante1-redcr750-225x300.jpg 225w, https:\/\/gitelejardindesalberes.fr\/wp-content\/uploads\/2021\/06\/mante1-redcr750-1x1.jpg 1w\" sizes=\"auto, (max-width: 562px) 100vw, 562px\" \/><\/figure>\n<\/div>\n\n\n<p>.<\/p>\n\n\n<div class=\"wp-block-image is-style-default\">\n<figure class=\"aligncenter size-full\"><img loading=\"lazy\" decoding=\"async\" width=\"750\" height=\"562\" src=\"https:\/\/gitelejardindesalberes.fr\/wp-content\/uploads\/2021\/06\/machaon3cr750.jpg\" alt=\"\" class=\"wp-image-418\" srcset=\"https:\/\/gitelejardindesalberes.fr\/wp-content\/uploads\/2021\/06\/machaon3cr750.jpg 750w, https:\/\/gitelejardindesalberes.fr\/wp-content\/uploads\/2021\/06\/machaon3cr750-300x225.jpg 300w, https:\/\/gitelejardindesalberes.fr\/wp-content\/uploads\/2021\/06\/machaon3cr750-1x1.jpg 1w\" sizes=\"auto, (max-width: 750px) 100vw, 750px\" \/><\/figure>\n<\/div>\n\n\n<p>.<\/p>\n\n\n<div class=\"wp-block-image is-style-default\">\n<figure class=\"aligncenter size-full\"><img loading=\"lazy\" decoding=\"async\" width=\"750\" height=\"562\" src=\"https:\/\/gitelejardindesalberes.fr\/wp-content\/uploads\/2021\/06\/ajonc1cr750.jpg\" alt=\"\" class=\"wp-image-419\" srcset=\"https:\/\/gitelejardindesalberes.fr\/wp-content\/uploads\/2021\/06\/ajonc1cr750.jpg 750w, https:\/\/gitelejardindesalberes.fr\/wp-content\/uploads\/2021\/06\/ajonc1cr750-300x225.jpg 300w, https:\/\/gitelejardindesalberes.fr\/wp-content\/uploads\/2021\/06\/ajonc1cr750-1x1.jpg 1w\" sizes=\"auto, (max-width: 750px) 100vw, 750px\" \/><\/figure>\n<\/div>\n\n\n<p>.<\/p>\n\n\n<div class=\"wp-block-image is-style-default\">\n<figure class=\"aligncenter size-full\"><img loading=\"lazy\" decoding=\"async\" width=\"562\" height=\"750\" src=\"https:\/\/gitelejardindesalberes.fr\/wp-content\/uploads\/2021\/06\/bruyere1cr750.jpg\" alt=\"\" class=\"wp-image-420\" srcset=\"https:\/\/gitelejardindesalberes.fr\/wp-content\/uploads\/2021\/06\/bruyere1cr750.jpg 562w, https:\/\/gitelejardindesalberes.fr\/wp-content\/uploads\/2021\/06\/bruyere1cr750-225x300.jpg 225w, https:\/\/gitelejardindesalberes.fr\/wp-content\/uploads\/2021\/06\/bruyere1cr750-1x1.jpg 1w\" sizes=\"auto, (max-width: 562px) 100vw, 562px\" \/><\/figure>\n<\/div>\n\n\n<p>.<\/p>\n\n\n<div class=\"wp-block-image is-style-default\">\n<figure class=\"aligncenter size-full\"><img loading=\"lazy\" decoding=\"async\" width=\"562\" height=\"750\" src=\"https:\/\/gitelejardindesalberes.fr\/wp-content\/uploads\/2021\/06\/cet2cr750.jpg\" alt=\"\" class=\"wp-image-421\" srcset=\"https:\/\/gitelejardindesalberes.fr\/wp-content\/uploads\/2021\/06\/cet2cr750.jpg 562w, https:\/\/gitelejardindesalberes.fr\/wp-content\/uploads\/2021\/06\/cet2cr750-225x300.jpg 225w, https:\/\/gitelejardindesalberes.fr\/wp-content\/uploads\/2021\/06\/cet2cr750-1x1.jpg 1w\" sizes=\"auto, (max-width: 562px) 100vw, 562px\" \/><\/figure>\n<\/div>\n\n\n<p>.<\/p>\n\n\n<div class=\"wp-block-image is-style-default\">\n<figure class=\"aligncenter size-full\"><img loading=\"lazy\" decoding=\"async\" width=\"750\" height=\"562\" src=\"https:\/\/gitelejardindesalberes.fr\/wp-content\/uploads\/2021\/06\/dimorpho2cr750.jpg\" alt=\"\" class=\"wp-image-422\" srcset=\"https:\/\/gitelejardindesalberes.fr\/wp-content\/uploads\/2021\/06\/dimorpho2cr750.jpg 750w, https:\/\/gitelejardindesalberes.fr\/wp-content\/uploads\/2021\/06\/dimorpho2cr750-300x225.jpg 300w, https:\/\/gitelejardindesalberes.fr\/wp-content\/uploads\/2021\/06\/dimorpho2cr750-1x1.jpg 1w\" sizes=\"auto, (max-width: 750px) 100vw, 750px\" \/><\/figure>\n<\/div>\n\n\n<p>.<\/p>\n\n\n<div class=\"wp-block-image is-style-default\">\n<figure class=\"aligncenter size-full\"><img loading=\"lazy\" decoding=\"async\" width=\"562\" height=\"750\" src=\"https:\/\/gitelejardindesalberes.fr\/wp-content\/uploads\/2021\/06\/grevil2cr750.jpg\" alt=\"\" class=\"wp-image-412\" srcset=\"https:\/\/gitelejardindesalberes.fr\/wp-content\/uploads\/2021\/06\/grevil2cr750.jpg 562w, https:\/\/gitelejardindesalberes.fr\/wp-content\/uploads\/2021\/06\/grevil2cr750-225x300.jpg 225w, https:\/\/gitelejardindesalberes.fr\/wp-content\/uploads\/2021\/06\/grevil2cr750-1x1.jpg 1w\" sizes=\"auto, (max-width: 562px) 100vw, 562px\" \/><\/figure>\n<\/div>\n\n\n<p>.<\/p>\n\n\n<div class=\"wp-block-image is-style-default\">\n<figure class=\"aligncenter size-full\"><img loading=\"lazy\" decoding=\"async\" width=\"750\" height=\"562\" src=\"https:\/\/gitelejardindesalberes.fr\/wp-content\/uploads\/2021\/06\/convolvulus-cneorum1cr2ok750.jpg\" alt=\"\" class=\"wp-image-423\" srcset=\"https:\/\/gitelejardindesalberes.fr\/wp-content\/uploads\/2021\/06\/convolvulus-cneorum1cr2ok750.jpg 750w, https:\/\/gitelejardindesalberes.fr\/wp-content\/uploads\/2021\/06\/convolvulus-cneorum1cr2ok750-300x225.jpg 300w, https:\/\/gitelejardindesalberes.fr\/wp-content\/uploads\/2021\/06\/convolvulus-cneorum1cr2ok750-1x1.jpg 1w\" sizes=\"auto, (max-width: 750px) 100vw, 750px\" \/><\/figure>\n<\/div>\n\n\n<p>.<\/p>\n\n\n<div class=\"wp-block-image is-style-default\">\n<figure class=\"aligncenter size-full\"><img loading=\"lazy\" decoding=\"async\" width=\"562\" height=\"750\" src=\"https:\/\/gitelejardindesalberes.fr\/wp-content\/uploads\/2021\/06\/cotyledone3cr750.jpg\" alt=\"\" class=\"wp-image-424\" srcset=\"https:\/\/gitelejardindesalberes.fr\/wp-content\/uploads\/2021\/06\/cotyledone3cr750.jpg 562w, https:\/\/gitelejardindesalberes.fr\/wp-content\/uploads\/2021\/06\/cotyledone3cr750-225x300.jpg 225w, https:\/\/gitelejardindesalberes.fr\/wp-content\/uploads\/2021\/06\/cotyledone3cr750-1x1.jpg 1w\" sizes=\"auto, (max-width: 562px) 100vw, 562px\" \/><\/figure>\n<\/div>\n\n\n<p>.<\/p>\n\n\n<div class=\"wp-block-image is-style-default\">\n<figure class=\"aligncenter size-full\"><img loading=\"lazy\" decoding=\"async\" width=\"562\" height=\"750\" src=\"https:\/\/gitelejardindesalberes.fr\/wp-content\/uploads\/2021\/06\/syrphe1cr750.jpg\" alt=\"\" class=\"wp-image-425\" srcset=\"https:\/\/gitelejardindesalberes.fr\/wp-content\/uploads\/2021\/06\/syrphe1cr750.jpg 562w, https:\/\/gitelejardindesalberes.fr\/wp-content\/uploads\/2021\/06\/syrphe1cr750-225x300.jpg 225w, https:\/\/gitelejardindesalberes.fr\/wp-content\/uploads\/2021\/06\/syrphe1cr750-1x1.jpg 1w\" sizes=\"auto, (max-width: 562px) 100vw, 562px\" \/><\/figure>\n<\/div>\n\n\n<p>.<\/p>\n\n\n<div class=\"wp-block-image is-style-default\">\n<figure class=\"aligncenter size-full\"><img loading=\"lazy\" decoding=\"async\" width=\"750\" height=\"562\" src=\"https:\/\/gitelejardindesalberes.fr\/wp-content\/uploads\/2021\/06\/belle1cr750.jpg\" alt=\"\" class=\"wp-image-426\" srcset=\"https:\/\/gitelejardindesalberes.fr\/wp-content\/uploads\/2021\/06\/belle1cr750.jpg 750w, https:\/\/gitelejardindesalberes.fr\/wp-content\/uploads\/2021\/06\/belle1cr750-300x225.jpg 300w, https:\/\/gitelejardindesalberes.fr\/wp-content\/uploads\/2021\/06\/belle1cr750-1x1.jpg 1w\" sizes=\"auto, (max-width: 750px) 100vw, 750px\" \/><\/figure>\n<\/div>\n\n\n<p>.<\/p>\n\n\n<div class=\"wp-block-image is-style-default\">\n<figure class=\"aligncenter size-full\"><img loading=\"lazy\" decoding=\"async\" width=\"562\" height=\"750\" src=\"https:\/\/gitelejardindesalberes.fr\/wp-content\/uploads\/2021\/06\/choizia2cr750.jpg\" alt=\"\" class=\"wp-image-428\" srcset=\"https:\/\/gitelejardindesalberes.fr\/wp-content\/uploads\/2021\/06\/choizia2cr750.jpg 562w, https:\/\/gitelejardindesalberes.fr\/wp-content\/uploads\/2021\/06\/choizia2cr750-225x300.jpg 225w, https:\/\/gitelejardindesalberes.fr\/wp-content\/uploads\/2021\/06\/choizia2cr750-1x1.jpg 1w\" sizes=\"auto, (max-width: 562px) 100vw, 562px\" \/><\/figure>\n<\/div>\n\n\n<p>.<\/p>\n\n\n<div class=\"wp-block-image is-style-default\">\n<figure class=\"aligncenter size-full\"><img loading=\"lazy\" decoding=\"async\" width=\"562\" height=\"750\" src=\"https:\/\/gitelejardindesalberes.fr\/wp-content\/uploads\/2021\/06\/thul3cr750.jpg\" alt=\"\" class=\"wp-image-429\" srcset=\"https:\/\/gitelejardindesalberes.fr\/wp-content\/uploads\/2021\/06\/thul3cr750.jpg 562w, https:\/\/gitelejardindesalberes.fr\/wp-content\/uploads\/2021\/06\/thul3cr750-225x300.jpg 225w, https:\/\/gitelejardindesalberes.fr\/wp-content\/uploads\/2021\/06\/thul3cr750-1x1.jpg 1w\" sizes=\"auto, (max-width: 562px) 100vw, 562px\" \/><\/figure>\n<\/div>\n\n\n<p>.<\/p>\n\n\n<div class=\"wp-block-image is-style-default\">\n<figure class=\"aligncenter size-full\"><img loading=\"lazy\" decoding=\"async\" width=\"750\" height=\"562\" src=\"https:\/\/gitelejardindesalberes.fr\/wp-content\/uploads\/2021\/06\/gr2cr750.jpg\" alt=\"\" class=\"wp-image-430\" srcset=\"https:\/\/gitelejardindesalberes.fr\/wp-content\/uploads\/2021\/06\/gr2cr750.jpg 750w, https:\/\/gitelejardindesalberes.fr\/wp-content\/uploads\/2021\/06\/gr2cr750-300x225.jpg 300w, https:\/\/gitelejardindesalberes.fr\/wp-content\/uploads\/2021\/06\/gr2cr750-1x1.jpg 1w\" sizes=\"auto, (max-width: 750px) 100vw, 750px\" \/><\/figure>\n<\/div>\n\n\n<p>.<\/p>\n\n\n<div class=\"wp-block-image is-style-default\">\n<figure class=\"aligncenter size-full\"><img loading=\"lazy\" decoding=\"async\" width=\"562\" height=\"750\" src=\"https:\/\/gitelejardindesalberes.fr\/wp-content\/uploads\/2021\/06\/s-rb-1cr750.jpg\" alt=\"\" class=\"wp-image-431\" srcset=\"https:\/\/gitelejardindesalberes.fr\/wp-content\/uploads\/2021\/06\/s-rb-1cr750.jpg 562w, https:\/\/gitelejardindesalberes.fr\/wp-content\/uploads\/2021\/06\/s-rb-1cr750-225x300.jpg 225w, https:\/\/gitelejardindesalberes.fr\/wp-content\/uploads\/2021\/06\/s-rb-1cr750-1x1.jpg 1w\" sizes=\"auto, (max-width: 562px) 100vw, 562px\" \/><\/figure>\n<\/div>\n\n\n<p>.<\/p>\n\n\n<div class=\"wp-block-image is-style-default\">\n<figure class=\"aligncenter size-full\"><img loading=\"lazy\" decoding=\"async\" width=\"562\" height=\"750\" src=\"https:\/\/gitelejardindesalberes.fr\/wp-content\/uploads\/2021\/06\/charp3cr750.jpg\" alt=\"\" class=\"wp-image-432\" srcset=\"https:\/\/gitelejardindesalberes.fr\/wp-content\/uploads\/2021\/06\/charp3cr750.jpg 562w, https:\/\/gitelejardindesalberes.fr\/wp-content\/uploads\/2021\/06\/charp3cr750-225x300.jpg 225w, https:\/\/gitelejardindesalberes.fr\/wp-content\/uploads\/2021\/06\/charp3cr750-1x1.jpg 1w\" sizes=\"auto, (max-width: 562px) 100vw, 562px\" \/><\/figure>\n<\/div>\n\n\n<p>.<\/p>\n\n\n<div class=\"wp-block-image is-style-default\">\n<figure class=\"aligncenter size-full\"><img loading=\"lazy\" decoding=\"async\" width=\"562\" height=\"750\" src=\"https:\/\/gitelejardindesalberes.fr\/wp-content\/uploads\/2021\/06\/diablo1cr750.jpg\" alt=\"\" class=\"wp-image-433\" srcset=\"https:\/\/gitelejardindesalberes.fr\/wp-content\/uploads\/2021\/06\/diablo1cr750.jpg 562w, https:\/\/gitelejardindesalberes.fr\/wp-content\/uploads\/2021\/06\/diablo1cr750-225x300.jpg 225w, https:\/\/gitelejardindesalberes.fr\/wp-content\/uploads\/2021\/06\/diablo1cr750-1x1.jpg 1w\" sizes=\"auto, (max-width: 562px) 100vw, 562px\" \/><\/figure>\n<\/div>\n\n\n<p>.<\/p>\n\n\n<div class=\"wp-block-image is-style-default\">\n<figure class=\"aligncenter size-full\"><img loading=\"lazy\" decoding=\"async\" width=\"550\" height=\"750\" src=\"https:\/\/gitelejardindesalberes.fr\/wp-content\/uploads\/2021\/06\/moro2reccr750.jpg\" alt=\"\" class=\"wp-image-434\" srcset=\"https:\/\/gitelejardindesalberes.fr\/wp-content\/uploads\/2021\/06\/moro2reccr750.jpg 550w, https:\/\/gitelejardindesalberes.fr\/wp-content\/uploads\/2021\/06\/moro2reccr750-220x300.jpg 220w, https:\/\/gitelejardindesalberes.fr\/wp-content\/uploads\/2021\/06\/moro2reccr750-1x1.jpg 1w\" sizes=\"auto, (max-width: 550px) 100vw, 550px\" \/><\/figure>\n<\/div>\n\n\n<p>.<\/p>\n\n\n<div class=\"wp-block-image is-style-default\">\n<figure class=\"aligncenter size-full\"><img loading=\"lazy\" decoding=\"async\" width=\"750\" height=\"562\" src=\"https:\/\/gitelejardindesalberes.fr\/wp-content\/uploads\/2021\/06\/machaon1cr750.jpg\" alt=\"\" class=\"wp-image-435\" srcset=\"https:\/\/gitelejardindesalberes.fr\/wp-content\/uploads\/2021\/06\/machaon1cr750.jpg 750w, https:\/\/gitelejardindesalberes.fr\/wp-content\/uploads\/2021\/06\/machaon1cr750-300x225.jpg 300w, https:\/\/gitelejardindesalberes.fr\/wp-content\/uploads\/2021\/06\/machaon1cr750-1x1.jpg 1w\" sizes=\"auto, (max-width: 750px) 100vw, 750px\" \/><\/figure>\n<\/div>\n\n\n<p>.<\/p>\n\n\n<div class=\"wp-block-image is-style-default\">\n<figure class=\"aligncenter size-full\"><img loading=\"lazy\" decoding=\"async\" width=\"562\" height=\"750\" src=\"https:\/\/gitelejardindesalberes.fr\/wp-content\/uploads\/2021\/06\/oxa1cr750.jpg\" alt=\"\" class=\"wp-image-436\" srcset=\"https:\/\/gitelejardindesalberes.fr\/wp-content\/uploads\/2021\/06\/oxa1cr750.jpg 562w, https:\/\/gitelejardindesalberes.fr\/wp-content\/uploads\/2021\/06\/oxa1cr750-225x300.jpg 225w, https:\/\/gitelejardindesalberes.fr\/wp-content\/uploads\/2021\/06\/oxa1cr750-1x1.jpg 1w\" sizes=\"auto, (max-width: 562px) 100vw, 562px\" \/><\/figure>\n<\/div>\n\n\n<p>.<\/p>\n\n\n<div class=\"wp-block-image is-style-default\">\n<figure class=\"aligncenter size-full\"><img loading=\"lazy\" decoding=\"async\" width=\"750\" height=\"562\" src=\"https:\/\/gitelejardindesalberes.fr\/wp-content\/uploads\/2021\/06\/Nezara-viridula1cr750.jpg\" alt=\"\" class=\"wp-image-437\" srcset=\"https:\/\/gitelejardindesalberes.fr\/wp-content\/uploads\/2021\/06\/Nezara-viridula1cr750.jpg 750w, https:\/\/gitelejardindesalberes.fr\/wp-content\/uploads\/2021\/06\/Nezara-viridula1cr750-300x225.jpg 300w, https:\/\/gitelejardindesalberes.fr\/wp-content\/uploads\/2021\/06\/Nezara-viridula1cr750-1x1.jpg 1w\" sizes=\"auto, (max-width: 750px) 100vw, 750px\" \/><\/figure>\n<\/div>\n\n\n<p>.<\/p>\n\n\n<div class=\"wp-block-image is-style-default\">\n<figure class=\"aligncenter size-full\"><img loading=\"lazy\" decoding=\"async\" width=\"562\" height=\"750\" src=\"https:\/\/gitelejardindesalberes.fr\/wp-content\/uploads\/2021\/06\/wave1crDichetophora-obliterata-famille-des-Sciomyzides-750.jpg\" alt=\"\" class=\"wp-image-440\" srcset=\"https:\/\/gitelejardindesalberes.fr\/wp-content\/uploads\/2021\/06\/wave1crDichetophora-obliterata-famille-des-Sciomyzides-750.jpg 562w, https:\/\/gitelejardindesalberes.fr\/wp-content\/uploads\/2021\/06\/wave1crDichetophora-obliterata-famille-des-Sciomyzides-750-225x300.jpg 225w, https:\/\/gitelejardindesalberes.fr\/wp-content\/uploads\/2021\/06\/wave1crDichetophora-obliterata-famille-des-Sciomyzides-750-1x1.jpg 1w\" sizes=\"auto, (max-width: 562px) 100vw, 562px\" \/><\/figure>\n<\/div>\n\n\n<p>.<\/p>\n\n\n<div class=\"wp-block-image is-style-default\">\n<figure class=\"aligncenter size-full\"><img loading=\"lazy\" decoding=\"async\" width=\"562\" height=\"750\" src=\"https:\/\/gitelejardindesalberes.fr\/wp-content\/uploads\/2021\/06\/rom1cr750.jpg\" alt=\"\" class=\"wp-image-441\" srcset=\"https:\/\/gitelejardindesalberes.fr\/wp-content\/uploads\/2021\/06\/rom1cr750.jpg 562w, https:\/\/gitelejardindesalberes.fr\/wp-content\/uploads\/2021\/06\/rom1cr750-225x300.jpg 225w, https:\/\/gitelejardindesalberes.fr\/wp-content\/uploads\/2021\/06\/rom1cr750-1x1.jpg 1w\" sizes=\"auto, (max-width: 562px) 100vw, 562px\" \/><\/figure>\n<\/div>\n\n\n<p>.<\/p>\n\n\n<div class=\"wp-block-image is-style-default\">\n<figure class=\"aligncenter size-full\"><img loading=\"lazy\" decoding=\"async\" width=\"750\" height=\"540\" src=\"https:\/\/gitelejardindesalberes.fr\/wp-content\/uploads\/2021\/06\/mini-sauterelle1cr750.jpg\" alt=\"\" class=\"wp-image-446\" srcset=\"https:\/\/gitelejardindesalberes.fr\/wp-content\/uploads\/2021\/06\/mini-sauterelle1cr750.jpg 750w, https:\/\/gitelejardindesalberes.fr\/wp-content\/uploads\/2021\/06\/mini-sauterelle1cr750-300x216.jpg 300w, https:\/\/gitelejardindesalberes.fr\/wp-content\/uploads\/2021\/06\/mini-sauterelle1cr750-1x1.jpg 1w\" sizes=\"auto, (max-width: 750px) 100vw, 750px\" \/><\/figure>\n<\/div>\n\n\n<p>.<\/p>\n\n\n<div class=\"wp-block-image is-style-default\">\n<figure class=\"aligncenter size-full\"><img loading=\"lazy\" decoding=\"async\" width=\"562\" height=\"750\" src=\"https:\/\/gitelejardindesalberes.fr\/wp-content\/uploads\/2021\/06\/PR1cr750.jpg\" alt=\"\" class=\"wp-image-442\" srcset=\"https:\/\/gitelejardindesalberes.fr\/wp-content\/uploads\/2021\/06\/PR1cr750.jpg 562w, https:\/\/gitelejardindesalberes.fr\/wp-content\/uploads\/2021\/06\/PR1cr750-225x300.jpg 225w, https:\/\/gitelejardindesalberes.fr\/wp-content\/uploads\/2021\/06\/PR1cr750-1x1.jpg 1w\" sizes=\"auto, (max-width: 562px) 100vw, 562px\" \/><\/figure>\n<\/div>\n\n\n<p>.<\/p>\n\n\n<div class=\"wp-block-image is-style-default\">\n<figure class=\"aligncenter size-full\"><img loading=\"lazy\" decoding=\"async\" width=\"562\" height=\"750\" src=\"https:\/\/gitelejardindesalberes.fr\/wp-content\/uploads\/2021\/06\/piss1cr750.jpg\" alt=\"\" class=\"wp-image-443\" srcset=\"https:\/\/gitelejardindesalberes.fr\/wp-content\/uploads\/2021\/06\/piss1cr750.jpg 562w, https:\/\/gitelejardindesalberes.fr\/wp-content\/uploads\/2021\/06\/piss1cr750-225x300.jpg 225w, https:\/\/gitelejardindesalberes.fr\/wp-content\/uploads\/2021\/06\/piss1cr750-1x1.jpg 1w\" sizes=\"auto, (max-width: 562px) 100vw, 562px\" \/><\/figure>\n<\/div>\n\n\n<p>.<\/p>\n\n\n<div class=\"wp-block-image is-style-default\">\n<figure class=\"aligncenter size-full\"><img loading=\"lazy\" decoding=\"async\" width=\"562\" height=\"750\" src=\"https:\/\/gitelejardindesalberes.fr\/wp-content\/uploads\/2021\/06\/mue1cr750.jpg\" alt=\"\" class=\"wp-image-444\" srcset=\"https:\/\/gitelejardindesalberes.fr\/wp-content\/uploads\/2021\/06\/mue1cr750.jpg 562w, https:\/\/gitelejardindesalberes.fr\/wp-content\/uploads\/2021\/06\/mue1cr750-225x300.jpg 225w, https:\/\/gitelejardindesalberes.fr\/wp-content\/uploads\/2021\/06\/mue1cr750-1x1.jpg 1w\" sizes=\"auto, (max-width: 562px) 100vw, 562px\" \/><\/figure>\n<\/div>\n\n\n<p>.<\/p>\n\n\n<div class=\"wp-block-image is-style-default\">\n<figure class=\"aligncenter size-full\"><img loading=\"lazy\" decoding=\"async\" width=\"750\" height=\"562\" src=\"https:\/\/gitelejardindesalberes.fr\/wp-content\/uploads\/2021\/06\/mouchebleucr750.jpg\" alt=\"\" class=\"wp-image-445\" srcset=\"https:\/\/gitelejardindesalberes.fr\/wp-content\/uploads\/2021\/06\/mouchebleucr750.jpg 750w, https:\/\/gitelejardindesalberes.fr\/wp-content\/uploads\/2021\/06\/mouchebleucr750-300x225.jpg 300w, https:\/\/gitelejardindesalberes.fr\/wp-content\/uploads\/2021\/06\/mouchebleucr750-1x1.jpg 1w\" sizes=\"auto, (max-width: 750px) 100vw, 750px\" \/><\/figure>\n<\/div>\n\n\n<p>.<\/p>\n\n\n<div class=\"wp-block-image is-style-default\">\n<figure class=\"aligncenter size-full\"><img loading=\"lazy\" decoding=\"async\" width=\"562\" height=\"750\" src=\"https:\/\/gitelejardindesalberes.fr\/wp-content\/uploads\/2021\/06\/lib1cr3-750.jpg\" alt=\"\" class=\"wp-image-447\" srcset=\"https:\/\/gitelejardindesalberes.fr\/wp-content\/uploads\/2021\/06\/lib1cr3-750.jpg 562w, https:\/\/gitelejardindesalberes.fr\/wp-content\/uploads\/2021\/06\/lib1cr3-750-225x300.jpg 225w, https:\/\/gitelejardindesalberes.fr\/wp-content\/uploads\/2021\/06\/lib1cr3-750-1x1.jpg 1w\" sizes=\"auto, (max-width: 562px) 100vw, 562px\" \/><\/figure>\n<\/div>\n\n\n<p>.<\/p>\n\n\n<div class=\"wp-block-image is-style-default\">\n<figure class=\"aligncenter size-full\"><img loading=\"lazy\" decoding=\"async\" width=\"562\" height=\"750\" src=\"https:\/\/gitelejardindesalberes.fr\/wp-content\/uploads\/2021\/06\/fourm1cr750.jpg\" alt=\"\" class=\"wp-image-448\" srcset=\"https:\/\/gitelejardindesalberes.fr\/wp-content\/uploads\/2021\/06\/fourm1cr750.jpg 562w, https:\/\/gitelejardindesalberes.fr\/wp-content\/uploads\/2021\/06\/fourm1cr750-225x300.jpg 225w, https:\/\/gitelejardindesalberes.fr\/wp-content\/uploads\/2021\/06\/fourm1cr750-1x1.jpg 1w\" sizes=\"auto, (max-width: 562px) 100vw, 562px\" \/><\/figure>\n<\/div>\n\n\n<p>.<\/p>\n\n\n<div class=\"wp-block-image is-style-default\">\n<figure class=\"aligncenter size-full\"><img loading=\"lazy\" decoding=\"async\" width=\"750\" height=\"562\" src=\"https:\/\/gitelejardindesalberes.fr\/wp-content\/uploads\/2021\/06\/chrysops1cr750.jpg\" alt=\"\" class=\"wp-image-455\" srcset=\"https:\/\/gitelejardindesalberes.fr\/wp-content\/uploads\/2021\/06\/chrysops1cr750.jpg 750w, https:\/\/gitelejardindesalberes.fr\/wp-content\/uploads\/2021\/06\/chrysops1cr750-300x225.jpg 300w, https:\/\/gitelejardindesalberes.fr\/wp-content\/uploads\/2021\/06\/chrysops1cr750-1x1.jpg 1w\" sizes=\"auto, (max-width: 750px) 100vw, 750px\" \/><\/figure>\n<\/div>\n\n\n<p>.<\/p>\n\n\n<div class=\"wp-block-image is-style-default\">\n<figure class=\"aligncenter size-full\"><img loading=\"lazy\" decoding=\"async\" width=\"562\" height=\"750\" src=\"https:\/\/gitelejardindesalberes.fr\/wp-content\/uploads\/2021\/06\/face2cr750.jpg\" alt=\"\" class=\"wp-image-449\" srcset=\"https:\/\/gitelejardindesalberes.fr\/wp-content\/uploads\/2021\/06\/face2cr750.jpg 562w, https:\/\/gitelejardindesalberes.fr\/wp-content\/uploads\/2021\/06\/face2cr750-225x300.jpg 225w, https:\/\/gitelejardindesalberes.fr\/wp-content\/uploads\/2021\/06\/face2cr750-1x1.jpg 1w\" sizes=\"auto, (max-width: 562px) 100vw, 562px\" \/><\/figure>\n<\/div>\n\n\n<p>.<\/p>\n\n\n<div class=\"wp-block-image is-style-default\">\n<figure class=\"aligncenter size-full\"><img loading=\"lazy\" decoding=\"async\" width=\"562\" height=\"750\" src=\"https:\/\/gitelejardindesalberes.fr\/wp-content\/uploads\/2021\/06\/epeire4cr750.jpg\" alt=\"\" class=\"wp-image-451\" srcset=\"https:\/\/gitelejardindesalberes.fr\/wp-content\/uploads\/2021\/06\/epeire4cr750.jpg 562w, https:\/\/gitelejardindesalberes.fr\/wp-content\/uploads\/2021\/06\/epeire4cr750-225x300.jpg 225w, https:\/\/gitelejardindesalberes.fr\/wp-content\/uploads\/2021\/06\/epeire4cr750-1x1.jpg 1w\" sizes=\"auto, (max-width: 562px) 100vw, 562px\" \/><\/figure>\n<\/div>\n\n\n<p>.<\/p>\n\n\n<div class=\"wp-block-image is-style-default\">\n<figure class=\"aligncenter size-full\"><img loading=\"lazy\" decoding=\"async\" width=\"562\" height=\"750\" src=\"https:\/\/gitelejardindesalberes.fr\/wp-content\/uploads\/2021\/06\/dip1cr-eristale-des-fleurs-750.jpg\" alt=\"\" class=\"wp-image-452\" srcset=\"https:\/\/gitelejardindesalberes.fr\/wp-content\/uploads\/2021\/06\/dip1cr-eristale-des-fleurs-750.jpg 562w, https:\/\/gitelejardindesalberes.fr\/wp-content\/uploads\/2021\/06\/dip1cr-eristale-des-fleurs-750-225x300.jpg 225w, https:\/\/gitelejardindesalberes.fr\/wp-content\/uploads\/2021\/06\/dip1cr-eristale-des-fleurs-750-1x1.jpg 1w\" sizes=\"auto, (max-width: 562px) 100vw, 562px\" \/><\/figure>\n<\/div>\n\n\n<p>.<\/p>\n\n\n<div class=\"wp-block-image is-style-default\">\n<figure class=\"aligncenter size-full\"><img loading=\"lazy\" decoding=\"async\" width=\"750\" height=\"562\" src=\"https:\/\/gitelejardindesalberes.fr\/wp-content\/uploads\/2021\/06\/criquet-pansu2cr750.jpg\" alt=\"\" class=\"wp-image-453\" srcset=\"https:\/\/gitelejardindesalberes.fr\/wp-content\/uploads\/2021\/06\/criquet-pansu2cr750.jpg 750w, https:\/\/gitelejardindesalberes.fr\/wp-content\/uploads\/2021\/06\/criquet-pansu2cr750-300x225.jpg 300w, https:\/\/gitelejardindesalberes.fr\/wp-content\/uploads\/2021\/06\/criquet-pansu2cr750-1x1.jpg 1w\" sizes=\"auto, (max-width: 750px) 100vw, 750px\" \/><\/figure>\n<\/div>\n\n\n<p>.<\/p>\n\n\n<div class=\"wp-block-image is-style-default\">\n<figure class=\"aligncenter size-full\"><img loading=\"lazy\" decoding=\"async\" width=\"562\" height=\"750\" src=\"https:\/\/gitelejardindesalberes.fr\/wp-content\/uploads\/2021\/06\/coleo4cr750.jpg\" alt=\"\" class=\"wp-image-454\" srcset=\"https:\/\/gitelejardindesalberes.fr\/wp-content\/uploads\/2021\/06\/coleo4cr750.jpg 562w, https:\/\/gitelejardindesalberes.fr\/wp-content\/uploads\/2021\/06\/coleo4cr750-225x300.jpg 225w, https:\/\/gitelejardindesalberes.fr\/wp-content\/uploads\/2021\/06\/coleo4cr750-1x1.jpg 1w\" sizes=\"auto, (max-width: 562px) 100vw, 562px\" \/><\/figure>\n<\/div>\n\n\n<p>.<\/p>\n\n\n<div class=\"wp-block-image is-style-default\">\n<figure class=\"aligncenter size-full\"><img loading=\"lazy\" decoding=\"async\" width=\"750\" height=\"562\" src=\"https:\/\/gitelejardindesalberes.fr\/wp-content\/uploads\/2021\/06\/lezard2cr750.jpg\" alt=\"\" class=\"wp-image-460\" srcset=\"https:\/\/gitelejardindesalberes.fr\/wp-content\/uploads\/2021\/06\/lezard2cr750.jpg 750w, https:\/\/gitelejardindesalberes.fr\/wp-content\/uploads\/2021\/06\/lezard2cr750-300x225.jpg 300w, https:\/\/gitelejardindesalberes.fr\/wp-content\/uploads\/2021\/06\/lezard2cr750-1x1.jpg 1w\" sizes=\"auto, (max-width: 750px) 100vw, 750px\" \/><\/figure>\n<\/div>","protected":false},"excerpt":{"rendered":"<p>Photos: Arnaud Pastoret La diversit\u00e9 des milieux entourant le g\u00eete&nbsp;: rivi\u00e8re, for\u00eat et espaces ouverts, le bon niveau de pr\u00e9servation g\u00e9n\u00e9ral de l\u2019environnement&nbsp;et une grande biodiversit\u00e9 locale assur\u00e9e essentiellement par la flore spontan\u00e9e m\u00e9diterran\u00e9enne et aussi par des plantes adapt\u00e9es, offrent le g\u00eete et le couvert pour une faune tr\u00e8s riche tout au long de [&hellip;]<\/p>\n","protected":false},"author":1,"featured_media":0,"parent":0,"menu_order":0,"comment_status":"closed","ping_status":"closed","template":"full-width.php","meta":{"footnotes":""},"class_list":["post-195","page","type-page","status-publish","hentry"],"_links":{"self":[{"href":"https:\/\/gitelejardindesalberes.fr\/index.php?rest_route=\/wp\/v2\/pages\/195","targetHints":{"allow":["GET"]}}],"collection":[{"href":"https:\/\/gitelejardindesalberes.fr\/index.php?rest_route=\/wp\/v2\/pages"}],"about":[{"href":"https:\/\/gitelejardindesalberes.fr\/index.php?rest_route=\/wp\/v2\/types\/page"}],"author":[{"embeddable":true,"href":"https:\/\/gitelejardindesalberes.fr\/index.php?rest_route=\/wp\/v2\/users\/1"}],"replies":[{"embeddable":true,"href":"https:\/\/gitelejardindesalberes.fr\/index.php?rest_route=%2Fwp%2Fv2%2Fcomments&post=195"}],"version-history":[{"count":46,"href":"https:\/\/gitelejardindesalberes.fr\/index.php?rest_route=\/wp\/v2\/pages\/195\/revisions"}],"predecessor-version":[{"id":958,"href":"https:\/\/gitelejardindesalberes.fr\/index.php?rest_route=\/wp\/v2\/pages\/195\/revisions\/958"}],"wp:attachment":[{"href":"https:\/\/gitelejardindesalberes.fr\/index.php?rest_route=%2Fwp%2Fv2%2Fmedia&parent=195"}],"curies":[{"name":"wp","href":"https:\/\/api.w.org\/{rel}","templated":true}]}}